{"id":5414,"date":"2021-11-17T22:23:14","date_gmt":"2021-11-17T21:23:14","guid":{"rendered":"https:\/\/balavander.com\/?post_type=product&#038;p=5414"},"modified":"2026-04-25T02:27:20","modified_gmt":"2026-04-25T00:27:20","slug":"poklon-set-za-lice","status":"publish","type":"product","link":"https:\/\/balavander.com\/de\/prodavnica\/poklon-set-za-lice\/","title":{"rendered":"Geschenkset - f\u00fcr das Gesicht"},"content":{"rendered":"<h3 data-start=\"747\" data-end=\"802\">Geschenkset \u2013 f\u00fcr das Gesicht | Vollst\u00e4ndige nat\u00fcrliche Gesichtspflege<\/h3>\n<p data-start=\"804\" data-end=\"1136\"><strong data-start=\"804\" data-end=\"828\">Geschenkset \u2013 f\u00fcr das Gesicht<\/strong> es ist als vollst\u00e4ndige und nat\u00fcrliche routine f\u00fcr den t\u00e4glichen gebrauch konzipiert <strong data-start=\"888\" data-end=\"901\">Gesichtspflege<\/strong>, gedacht f\u00fcr alle, die gesunde, saubere und gepflegte haut ohne aggressive inhaltsstoffe w\u00fcnschen.<br \/>\nDieses Set kombiniert sorgf\u00e4ltig Produkte, die synergetisch wirken \u2013 von der tiefen Reinigung \u00fcber die Tonisierung bis hin zur intensiven Hydratation und Regeneration der Haut.<\/p>\n<h3 data-start=\"1143\" data-end=\"1201\">Black \u2013 nat\u00fcrliche Gesichtsseife mit Aktivkohle<\/h3>\n<p data-start=\"1202\" data-end=\"1479\">Diese Seife stellt den ersten und wichtigsten Schritt in der Gesichtspflege dar. Aktivkohle reinigt die Poren tiefgehend, absorbiert Giftstoffe, Unreinheiten und \u00fcbersch\u00fcssigen Talg und hilft so, Pickel und Mitesser zu reduzieren.<br \/>\nEs ist ideal f\u00fcr fettige und problematische Haut, aber sanft genug f\u00fcr alle anderen Hauttypen.<\/p>\n<p data-start=\"1481\" data-end=\"1608\">Nat\u00fcrliche Pflanzen\u00f6le und \u00e4therische \u00d6le von Zeder und Sibirischer Kiefer pflegen die Haut, ohne sie auszutrocknen oder ihr nat\u00fcrliches Gleichgewicht zu st\u00f6ren.<\/p>\n<p><a href=\"https:\/\/balavander.com\/wp-content\/uploads\/2021\/03\/black-prirodni-sapun-featured.jpg\"><img fetchpriority=\"high\" decoding=\"async\" class=\"aligncenter wp-image-4629 size-medium\" src=\"https:\/\/balavander.com\/wp-content\/uploads\/2021\/03\/black-prirodni-sapun-featured-300x300.jpg\" alt=\"prirodni-sapun-aktivni-ugalj\" width=\"300\" height=\"300\" title=\"\" srcset=\"https:\/\/balavander.com\/wp-content\/uploads\/2021\/03\/black-prirodni-sapun-featured-300x300.jpg 300w, https:\/\/balavander.com\/wp-content\/uploads\/2021\/03\/black-prirodni-sapun-featured-450x450.jpg 450w, https:\/\/balavander.com\/wp-content\/uploads\/2021\/03\/black-prirodni-sapun-featured-100x100.jpg 100w, https:\/\/balavander.com\/wp-content\/uploads\/2021\/03\/black-prirodni-sapun-featured-900x900.jpg 900w, https:\/\/balavander.com\/wp-content\/uploads\/2021\/03\/black-prirodni-sapun-featured-1024x1024.jpg 1024w, https:\/\/balavander.com\/wp-content\/uploads\/2021\/03\/black-prirodni-sapun-featured-150x150.jpg 150w, https:\/\/balavander.com\/wp-content\/uploads\/2021\/03\/black-prirodni-sapun-featured-768x768.jpg 768w, https:\/\/balavander.com\/wp-content\/uploads\/2021\/03\/black-prirodni-sapun-featured-600x600.jpg 600w, https:\/\/balavander.com\/wp-content\/uploads\/2021\/03\/black-prirodni-sapun-featured.jpg 1080w\" sizes=\"(max-width: 300px) 100vw, 300px\" \/><\/a><\/p>\n<h3 data-start=\"1615\" data-end=\"1673\">Orange \u2013 nat\u00fcrliche Gesichtsseife mit gr\u00fcner Tonerde<\/h3>\n<p data-start=\"1674\" data-end=\"1965\">Gr\u00fcne Tonerde ist ein starker Verb\u00fcndeter in der nat\u00fcrlichen Gesichtspflege.<br \/>\nIhre F\u00e4higkeit, \u00fcbersch\u00fcssiges Fett und Unreinheiten aufzunehmen, macht diese Seife ideal f\u00fcr die tiefgehende Reinigung und Erfrischung der Haut.<br \/>\n\u00c4therische \u00d6le von Orange und Granatapfel tragen zus\u00e4tzlich zur Ausgleichung des Teints, zur Reduzierung von Unregelm\u00e4\u00dfigkeiten und zur Verbesserung der Hautstruktur bei.<\/p>\n<p data-start=\"1967\" data-end=\"2031\">Bei regelm\u00e4\u00dfiger Anwendung wird die Haut glatt, sauber und sichtbar erfrischt.<\/p>\n<p data-start=\"1967\" data-end=\"2031\"><a href=\"https:\/\/balavander.com\/wp-content\/uploads\/2024\/05\/orangeautoprirodniautosapunautosaautozelenomautoglinom.jpg\"><img decoding=\"async\" class=\"aligncenter wp-image-12113 size-medium\" src=\"https:\/\/balavander.com\/wp-content\/uploads\/2024\/05\/orangeautoprirodniautosapunautosaautozelenomautoglinom-300x300.jpg\" alt=\"\" width=\"300\" height=\"300\" title=\"\" srcset=\"https:\/\/balavander.com\/wp-content\/uploads\/2024\/05\/orangeautoprirodniautosapunautosaautozelenomautoglinom-300x300.jpg 300w, https:\/\/balavander.com\/wp-content\/uploads\/2024\/05\/orangeautoprirodniautosapunautosaautozelenomautoglinom-450x450.jpg 450w, https:\/\/balavander.com\/wp-content\/uploads\/2024\/05\/orangeautoprirodniautosapunautosaautozelenomautoglinom-100x100.jpg 100w, https:\/\/balavander.com\/wp-content\/uploads\/2024\/05\/orangeautoprirodniautosapunautosaautozelenomautoglinom-900x900.jpg 900w, https:\/\/balavander.com\/wp-content\/uploads\/2024\/05\/orangeautoprirodniautosapunautosaautozelenomautoglinom-1024x1024.jpg 1024w, https:\/\/balavander.com\/wp-content\/uploads\/2024\/05\/orangeautoprirodniautosapunautosaautozelenomautoglinom-150x150.jpg 150w, https:\/\/balavander.com\/wp-content\/uploads\/2024\/05\/orangeautoprirodniautosapunautosaautozelenomautoglinom-768x768.jpg 768w, https:\/\/balavander.com\/wp-content\/uploads\/2024\/05\/orangeautoprirodniautosapunautosaautozelenomautoglinom-12x12.jpg 12w, https:\/\/balavander.com\/wp-content\/uploads\/2024\/05\/orangeautoprirodniautosapunautosaautozelenomautoglinom-75x75.jpg 75w, https:\/\/balavander.com\/wp-content\/uploads\/2024\/05\/orangeautoprirodniautosapunautosaautozelenomautoglinom-500x500.jpg 500w, https:\/\/balavander.com\/wp-content\/uploads\/2024\/05\/orangeautoprirodniautosapunautosaautozelenomautoglinom.jpg 1080w\" sizes=\"(max-width: 300px) 100vw, 300px\" \/><\/a><\/p>\n<h3 data-start=\"2038\" data-end=\"2073\">Botanic - Lavendelhydrolat<\/h3>\n<p data-start=\"2074\" data-end=\"2244\">Nach der Reinigung wird Lavendelhydrolat als nat\u00fcrlicher Gesichtstoner verwendet.<br \/>\nEs beruhigt die Haut, reduziert R\u00f6tungen und Irritationen, spendet Feuchtigkeit und bereitet die Haut auf den n\u00e4chsten Schritt der Gesichtspflege vor.<\/p>\n<p data-start=\"2246\" data-end=\"2431\">Dank seiner antiseptischen und antibakteriellen Eigenschaften hilft Lavendelhydrolat, die Haut sauber und gesund zu halten, w\u00e4hrend sein charakteristischer Duft zur Entspannung und einem Gef\u00fchl von Ausgeglichenheit beitr\u00e4gt.<\/p>\n<p data-start=\"2246\" data-end=\"2431\"><a href=\"https:\/\/balavander.com\/wp-content\/uploads\/2024\/09\/lavandina-voda-botanic.jpg\"><img decoding=\"async\" class=\"aligncenter wp-image-13672 size-medium\" src=\"https:\/\/balavander.com\/wp-content\/uploads\/2024\/09\/lavandina-voda-botanic-300x300.jpg\" alt=\"lavandina-voda-botanic\" width=\"300\" height=\"300\" title=\"\" srcset=\"https:\/\/balavander.com\/wp-content\/uploads\/2024\/09\/lavandina-voda-botanic-300x300.jpg 300w, https:\/\/balavander.com\/wp-content\/uploads\/2024\/09\/lavandina-voda-botanic-1024x1024.jpg 1024w, https:\/\/balavander.com\/wp-content\/uploads\/2024\/09\/lavandina-voda-botanic-150x150.jpg 150w, https:\/\/balavander.com\/wp-content\/uploads\/2024\/09\/lavandina-voda-botanic-768x768.jpg 768w, https:\/\/balavander.com\/wp-content\/uploads\/2024\/09\/lavandina-voda-botanic-12x12.jpg 12w, https:\/\/balavander.com\/wp-content\/uploads\/2024\/09\/lavandina-voda-botanic-500x500.jpg 500w, https:\/\/balavander.com\/wp-content\/uploads\/2024\/09\/lavandina-voda-botanic-450x450.jpg 450w, https:\/\/balavander.com\/wp-content\/uploads\/2024\/09\/lavandina-voda-botanic-900x900.jpg 900w, https:\/\/balavander.com\/wp-content\/uploads\/2024\/09\/lavandina-voda-botanic-100x100.jpg 100w, https:\/\/balavander.com\/wp-content\/uploads\/2024\/09\/lavandina-voda-botanic-50x50.jpg 50w, https:\/\/balavander.com\/wp-content\/uploads\/2024\/09\/lavandina-voda-botanic.jpg 1080w\" sizes=\"(max-width: 300px) 100vw, 300px\" \/><\/a><\/p>\n<h3 data-start=\"2438\" data-end=\"2476\">Flora \u2013 Lavendel Gesichtsserum<\/h3>\n<p data-start=\"2477\" data-end=\"2827\"><strong data-start=\"2477\" data-end=\"2510\">Flora \u2013 Lavendel Gesichtsserum<\/strong> es ist der abschlie\u00dfende und n\u00e4hrendste Schritt in dieser nat\u00fcrlichen Gesichtspflege-Routine.<br \/>\nDas Serum n\u00e4hrt die Haut tiefgehend, unterst\u00fctzt ihre Regeneration und stellt Elastizit\u00e4t sowie nat\u00fcrlichen Glanz wieder her.<br \/>\nLavendel ist bekannt f\u00fcr seine beruhigenden und ausgleichenden Eigenschaften, wodurch das Serum f\u00fcr alle Hauttypen geeignet ist, einschlie\u00dflich empfindlicher und problematischer Haut.<\/p>\n<p data-start=\"2829\" data-end=\"2983\">Bei regelm\u00e4\u00dfiger Anwendung des Serums wird die Haut weicher, besser hydratisiert und widerstandsf\u00e4higer gegen\u00fcber \u00e4u\u00dferen Einfl\u00fcssen, w\u00e4hrend feine Unregelm\u00e4\u00dfigkeiten und Erm\u00fcdungserscheinungen nach und nach abnehmen.<\/p>\n<p data-start=\"2246\" data-end=\"2431\"><a href=\"https:\/\/balavander.com\/wp-content\/uploads\/2023\/09\/floraautolavandaautoserumautozaautolice.jpg\"><img loading=\"lazy\" decoding=\"async\" class=\"aligncenter wp-image-10078 size-medium\" src=\"https:\/\/balavander.com\/wp-content\/uploads\/2023\/09\/floraautolavandaautoserumautozaautolice-300x300.jpg\" alt=\"serum-za-lice-balavander\" width=\"300\" height=\"300\" title=\"\" srcset=\"https:\/\/balavander.com\/wp-content\/uploads\/2023\/09\/floraautolavandaautoserumautozaautolice-300x300.jpg 300w, https:\/\/balavander.com\/wp-content\/uploads\/2023\/09\/floraautolavandaautoserumautozaautolice-450x450.jpg 450w, https:\/\/balavander.com\/wp-content\/uploads\/2023\/09\/floraautolavandaautoserumautozaautolice-100x100.jpg 100w, https:\/\/balavander.com\/wp-content\/uploads\/2023\/09\/floraautolavandaautoserumautozaautolice-900x900.jpg 900w, https:\/\/balavander.com\/wp-content\/uploads\/2023\/09\/floraautolavandaautoserumautozaautolice-1024x1024.jpg 1024w, https:\/\/balavander.com\/wp-content\/uploads\/2023\/09\/floraautolavandaautoserumautozaautolice-150x150.jpg 150w, https:\/\/balavander.com\/wp-content\/uploads\/2023\/09\/floraautolavandaautoserumautozaautolice-768x768.jpg 768w, https:\/\/balavander.com\/wp-content\/uploads\/2023\/09\/floraautolavandaautoserumautozaautolice-12x12.jpg 12w, https:\/\/balavander.com\/wp-content\/uploads\/2023\/09\/floraautolavandaautoserumautozaautolice-500x500.jpg 500w, https:\/\/balavander.com\/wp-content\/uploads\/2023\/09\/floraautolavandaautoserumautozaautolice.jpg 1080w\" sizes=\"(max-width: 300px) 100vw, 300px\" \/><\/a><\/p>\n<h2 data-start=\"2990\" data-end=\"3032\">\ud83c\udf3f Warum das Geschenkset \u2013 f\u00fcr das Gesicht w\u00e4hlen?<\/h2>\n<p data-start=\"3034\" data-end=\"3330\">\u2714 vollst\u00e4ndige nat\u00fcrliche <strong data-start=\"3055\" data-end=\"3068\">Gesichtspflege<\/strong> \u2013 von der Reinigung bis zur Regeneration<br data-start=\"3098\" data-end=\"3101\" \/>\u2714 Produkte geeignet f\u00fcr alle Hauttypen<br data-start=\"3139\" data-end=\"3142\" \/>\u2714 100% nat\u00fcrliche Inhaltsstoffe<br data-start=\"3166\" data-end=\"3169\" \/>\u2714 vegan, handgefertigt und tierversuchsfrei<br data-start=\"3201\" data-end=\"3204\" \/>\u2714 frei von Parabenen, Silikonen und k\u00fcnstlichen Duftstoffen<br data-start=\"3247\" data-end=\"3250\" \/>\u2714 umweltfreundliche und wiederverwendbare Verpackung<br data-start=\"3280\" data-end=\"3283\" \/>\u2714 die perfekte Wahl als Geschenk oder f\u00fcr die pers\u00f6nliche Pflegeroutine<\/p>\n<p data-start=\"3337\" data-end=\"3570\"><strong data-start=\"3337\" data-end=\"3361\"><br \/>\nGeschenkset \u2013 f\u00fcr das Gesicht<\/strong> es stellt ein sorgf\u00e4ltig konzipiertes Ritual der nat\u00fcrlichen Hautpflege dar, das der Haut Gleichgewicht, ein gesundes Aussehen und langanhaltende Frische zur\u00fcckgibt. Es ist ideal f\u00fcr alle, die eine bewusste, nat\u00fcrliche und effektive <strong data-start=\"3532\" data-end=\"3545\">Gesichtspflege<\/strong>, im Einklang mit der Natur \ud83c\udf3f<\/p>\n<p data-start=\"3572\" data-end=\"3609\">","protected":false},"excerpt":{"rendered":"<p data-start=\"278\" data-end=\"716\"><strong data-start=\"278\" data-end=\"302\">Geschenkset \u2013 f\u00fcr das Gesicht<\/strong> eine vollst\u00e4ndige nat\u00fcrliche Routine f\u00fcr den t\u00e4glichen Gebrauch <strong data-start=\"347\" data-end=\"360\">Gesichtspflege<\/strong>, die gr\u00fcndliche Reinigung, Beruhigung, Hydratation und Regeneration der Haut vereint.<br \/>\nDas Set enth\u00e4lt eine nat\u00fcrliche Gesichtsseife mit Aktivkohle, eine nat\u00fcrliche Seife mit gr\u00fcner Tonerde, Lavendelhydrolat und ein Lavendel-Gesichtsserum, die der Haut Balance, Frische und ein gesundes Aussehen verleihen.<br \/>\n\u041e\u043d \u0438\u0434\u0435\u0430\u043b\u0435\u043d \u0434\u043b\u044f \u0432\u0441\u0435\u0445 \u0442\u0438\u043f\u043e\u0432 \u043a\u043e\u0436\u0438 \u0438 \u043e\u0442\u043b\u0438\u0447\u043d\u043e \u043f\u043e\u0434\u0445\u043e\u0434\u0438\u0442 \u0432 \u043a\u0430\u0447\u0435\u0441\u0442\u0432\u0435 \u043f\u043e\u0434\u0430\u0440\u043a\u0430 \u0434\u043b\u044f \u043b\u044e\u0431\u0438\u0442\u0435\u043b\u0435\u0439 \u043d\u0430\u0442\u0443\u0440\u0430\u043b\u044c\u043d\u043e\u0439 \u043a\u043e\u0441\u043c\u0435\u0442\u0438\u043a\u0438.<\/p>","protected":false},"featured_media":12345,"comment_status":"open","ping_status":"closed","template":"","meta":{"wprm-recipe-roundup-name":"","wprm-recipe-roundup-description":""},"product_brand":[],"product_cat":[337,91,30,95],"product_tag":[],"class_list":{"0":"post-5414","1":"product","2":"type-product","3":"status-publish","4":"has-post-thumbnail","6":"product_cat-poklon-setovi","7":"product_cat-nega-lica","8":"product_cat-prirodna-kozmetika","9":"product_cat-veganska-kozmetika","11":"first","12":"instock","13":"sale","14":"taxable","15":"shipping-taxable","16":"purchasable","17":"product-type-simple"},"_links":{"self":[{"href":"https:\/\/balavander.com\/de\/wp-json\/wp\/v2\/product\/5414","targetHints":{"allow":["GET"]}}],"collection":[{"href":"https:\/\/balavander.com\/de\/wp-json\/wp\/v2\/product"}],"about":[{"href":"https:\/\/balavander.com\/de\/wp-json\/wp\/v2\/types\/product"}],"replies":[{"embeddable":true,"href":"https:\/\/balavander.com\/de\/wp-json\/wp\/v2\/comments?post=5414"}],"wp:featuredmedia":[{"embeddable":true,"href":"https:\/\/balavander.com\/de\/wp-json\/wp\/v2\/media\/12345"}],"wp:attachment":[{"href":"https:\/\/balavander.com\/de\/wp-json\/wp\/v2\/media?parent=5414"}],"wp:term":[{"taxonomy":"product_brand","embeddable":true,"href":"https:\/\/balavander.com\/de\/wp-json\/wp\/v2\/product_brand?post=5414"},{"taxonomy":"product_cat","embeddable":true,"href":"https:\/\/balavander.com\/de\/wp-json\/wp\/v2\/product_cat?post=5414"},{"taxonomy":"product_tag","embeddable":true,"href":"https:\/\/balavander.com\/de\/wp-json\/wp\/v2\/product_tag?post=5414"}],"curies":[{"name":"wp","href":"https:\/\/api.w.org\/{rel}","templated":true}]}}